{"id":23,"date":"2013-01-26T23:12:57","date_gmt":"2013-01-26T21:12:57","guid":{"rendered":"http:\/\/www.cape2cape.cc\/?page_id=23"},"modified":"2013-11-12T01:55:19","modified_gmt":"2013-11-11T23:55:19","slug":"impressum-2","status":"publish","type":"page","link":"https:\/\/www.cape2cape.cc\/?page_id=23","title":{"rendered":"Impressum"},"content":{"rendered":"<p style=\"text-align: left;\"><a href=\"https:\/\/www.cape2cape.cc\/wp-content\/uploads\/2013\/01\/perso.jpg\"><img loading=\"lazy\" decoding=\"async\" class=\"size-full wp-image-325\" alt=\"perso\" src=\"https:\/\/www.cape2cape.cc\/wp-content\/uploads\/2013\/01\/perso.jpg\" width=\"510\" height=\"354\" srcset=\"https:\/\/www.cape2cape.cc\/wp-content\/uploads\/2013\/01\/perso.jpg 510w, https:\/\/www.cape2cape.cc\/wp-content\/uploads\/2013\/01\/perso-300x208.jpg 300w\" sizes=\"auto, (max-width: 510px) 100vw, 510px\" \/><\/a><\/p>\n<p><strong>Anbieter:<\/strong><\/p>\n<p>Uwe Treffer<br \/>\nAm Schafgarten 11<br \/>\n07646 Schl\u00f6ben<\/p>\n<p><strong>Inhaltlich Verantwortlicher gem\u00e4\u00df \u00a7 55 Absatz 2 RStV: <\/strong><\/p>\n<p>Uwe Treffer (Anschrift wie oben)<\/p>\n<p><strong>Bild\u00adnach\u00adweise<\/strong><\/p>\n<p>Die Rechte f\u00fcr alle nicht se\u00adpa\u00adrat ge\u00adkenn\u00adzeich\u00adne\u00adten Bil\u00adder auf die\u00adser Web\u00adsite lie\u00adgen bei mir. Die Karikaturen wurden mit freundlicher Genehmigung von Werner Michael ver\u00f6ffentlicht.<\/p>\n<p><strong>Urhe\u00adber\u00adrecht <\/strong><\/p>\n<p>Alle Inhalte (Texte, Bilder, Grafiken, Ton-, Video- und Anima\u00adtions\u00addateien sowie deren Anord\u00adnung) auf der Website unter\u00adliegen dem Schutz des Urhe\u00adber\u00adrechts und anderer Schutzge\u00adsetze. Der Rechtss\u00adchutz gilt auch gegen\u00fcber Daten\u00adbanken und \u00e4hnlichen Einrich\u00adtungen. Der Rechtss\u00adchutz f\u00fcr ver\u00f6f\u00adfentlichte, vom Autor selbst erstellte Objekte bleibt allein beim Autor der Seiten. Eine Vervielf\u00e4l\u00adti\u00adgung oder Verwen\u00addung solcher Grafiken, Tondoku\u00admente, Videose\u00adquenzen und Texte in anderen elek\u00adtro\u00adn\u00adis\u00adchen oder gedruckten Publika\u00adtionen ist ohne ausdr\u00fcck\u00adliche Zustim\u00admung nicht gestattet. Einige Bere\u00adiche der Website enthalten au\u00dferdem Bilder, die dem Rechtss\u00adchutz Dritter unter\u00adliegen. Soweit nicht anders angegeben, sind alle Marken\u00adze\u00adichen auf der Website marken\u00adrechtlich gesch\u00fctzt.<\/p>\n<p><strong>Gew\u00e4hrleis\u00adtung <\/strong><\/p>\n<p>Alle Angaben dieses Inter\u00adne\u00adtange\u00adbotes wurden sorgf\u00e4ltig gepr\u00fcft. Eine Garantie f\u00fcr die Voll\u00adst\u00e4ndigkeit, Richtigkeit und letzte Aktu\u00adal\u00adit\u00e4t kann jedoch nicht \u00fcbernommen werden. Der Anbi\u00adeter stellt diese Infor\u00adma\u00adtionen ohne jegliche Zusicherung oder Gew\u00e4hrleis\u00adtung jedweder Art, sei sie ausdr\u00fcck\u00adlich oder stillschweigend, zur Verf\u00fc\u00adgung. Dabei wird jegliche Haftung f\u00fcr Sch\u00e4den ausgeschlossen, die direkt oder indi\u00adrekt aus der Benutzung dieser Website entstehen.<\/p>\n<p><strong>Daten\u00adschutz <\/strong><\/p>\n<p>Ohne die Zustim\u00admung der Leser sammelt diese Website kein\u00aderlei perso\u00adn\u00aden\u00adbe\u00adzo\u00adgene Daten. Allein Sie entscheiden dar\u00fcber, ob Sie, etwa im Rahmen einer Registrierung, Umfrage o.\u00e4., diese Daten bekannt geben wollen oder nicht. Ihre perso\u00adn\u00aden\u00adbe\u00adzo\u00adgenen Daten werden verwendet, um Ihre Anfrage zu beant\u00adworten oder Ihnen Zugang zu speziellen Infor\u00adma\u00adtionen oder Ange\u00adboten zu verschaffen. Dabei werden Ihre perso\u00adn\u00aden\u00adbe\u00adzo\u00adgenen Daten weder an Dritte verkauft noch ander\u00adweitig vermarktet. Die Nutzung der im Rahmen des Impres\u00adsums oder vergle\u00adich\u00adbarer Angaben ver\u00f6f\u00adfentlichten Kontak\u00adt\u00addaten wie Postan\u00adschriften, Telefon- und Faxnum\u00admern sowie Emailadressen durch Dritte zur \u00dcbersendung von nicht ausdr\u00fcck\u00adlich ange\u00adforderten Infor\u00adma\u00adtionen ist nicht gestattet. Rechtliche Schritte gegen die Versender von soge\u00adnan\u00adnten Spam-Mails bei Verst\u00f6ssen gegen dieses Verbot sind ausdr\u00fcck\u00adlich vorbe\u00adhalten.<\/p>\n<p>Diese Website benutzt\u00a0<strong>Google Analytics<\/strong>, einen Webanalyse\u00addi\u00adenst der Google Inc. (\u201eGoogle\u201c). Google Analytics verwendet sog. \u201eCookies\u201c, Text\u00addateien, die auf Ihrem Computer gespe\u00adichert werden und die eine Analyse der Benutzung der Website durch Sie erm\u00f6glichen. Die durch den Cookie erzeugten Infor\u00adma\u00adtionen \u00fcber Ihre Benutzung dieser Website werden in der Regel an einen Server von Google in den USA \u00fcbertragen und dort gespe\u00adichert. Im Falle der Aktivierung der IP-Anonymisierung auf dieser Webseite, wird Ihre IP-Adresse von Google jedoch inner\u00adhalb von Mitglied\u00adstaaten der Europ\u00e4is\u00adchen Union oder in anderen Vertragsstaaten des Abkom\u00admens \u00fcber den Europ\u00e4is\u00adchen Wirtschaft\u00adsraum zuvor gek\u00fcrzt. Nur in Ausnah\u00adme\u00adf\u00e4llen wird die volle IP-Adresse an einen Server von Google in den USA \u00fcbertragen und dort gek\u00fcrzt. Im Auftrag des Betreibers dieser Website wird Google diese Infor\u00adma\u00adtionen benutzen, um Ihre Nutzung der Website auszuw\u00aderten, um Reports \u00fcber die Websiteak\u00adtiv\u00adit\u00e4ten zusam\u00admen\u00adzustellen und um weitere mit der Websitenutzung und der Inter\u00adnet\u00adnutzung verbun\u00addene Dien\u00adstleis\u00adtungen gegen\u00fcber dem Website\u00adbe\u00adtreiber zu erbringen. Die im Rahmen von Google Analytics von Ihrem Browser \u00fcbermit\u00adtelte IP-Adresse wird nicht mit anderen Daten von Google zusam\u00admenge\u00adf\u00fchrt. Sie k\u00f6nnen die Speicherung der Cookies durch eine entsprechende Einstel\u00adlung Ihrer Browser-Software verhin\u00addern; wir weisen Sie jedoch darauf hin, dass Sie in diesem Fall gegebe\u00adnen\u00adfalls nicht s\u00e4mtliche Funk\u00adtionen dieser Website vollum\u00adf\u00e4nglich werden nutzen k\u00f6nnen. Sie k\u00f6nnen dar\u00fcber hinaus die Erfas\u00adsung der durch das Cookie erzeugten und auf Ihre Nutzung der Website bezo\u00adgenen Daten (inkl. Ihrer IP-Adresse) an Google sowie die Verar\u00adbeitung dieser Daten durch Google verhin\u00addern, indem sie das unter dem folgenden Link (<a href=\"http:\/\/tools.google.com\/dlpage\/gaoptout?hl=de\">http:\/\/tools.google.com\/dlpage\/gaoptout?hl=de<\/a>) verf\u00fcg\u00adbare Browser-Plugin herun\u00adter\u00adladen und instal\u00adlieren.<\/p>\n<p>N\u00e4here Infor\u00adma\u00adtionen zu Nutzungs\u00adbe\u00addin\u00adgungen und Daten\u00adschutz finden Sie unter\u00a0<a href=\"http:\/\/www.google.com\/analytics\/terms\/de.html\">http:\/\/www.google.com\/analytics\/terms\/de.html<\/a>\u00a0bzw. unter\u00a0<a href=\"http:\/\/www.google.com\/intl\/de\/analytics\/privacyoverview.html\">http:\/\/www.google.com\/intl\/de\/analytics\/privacyoverview.html<\/a>. Wir weisen Sie darauf hin, dass auf dieser Webseite Google Analytics um den Code \u201egat._anonymizeIp();\u201c erweitert wurde, um eine anonymisierte Erfas\u00adsung von IP-Adressen (sog. IP-Masking) zu gew\u00e4hrleisten.<\/p>\n<p><strong>Daten\u00adschutzerk\u00adl\u00e4rung f\u00fcr die Nutzung von Google +1<\/strong><\/p>\n<p><em>Erfas\u00adsung und Weit\u00ader\u00adgabe von Infor\u00adma\u00adtionen:<\/em><br \/>\nMith\u00adilfe der Google +1-Schaltfl\u00e4che k\u00f6nnen Sie Infor\u00adma\u00adtionen weltweit ver\u00f6f\u00adfentlichen. \u00fcber die Google +1-Schaltfl\u00e4che erhalten Sie und andere Nutzer person\u00adal\u00adisierte Inhalte von Google und unseren Part\u00adnern. Google speichert sowohl die Infor\u00adma\u00adtion, dass Sie f\u00fcr einen Inhalt +1 gegeben haben, als auch Infor\u00adma\u00adtionen \u00fcber die Seite, die Sie beim Klicken auf +1 ange\u00adsehen haben. Ihre +1 k\u00f6nnen als Hinweise zusammen mit Ihrem Profil\u00adnamen und Ihrem Foto in Google-Diensten, wie etwa in Suchergeb\u00adnissen oder in Ihrem Google-Profil, oder an anderen Stellen auf Websites und Anzeigen im Internet einge\u00adblendet werden.<br \/>\nGoogle zeichnet Infor\u00adma\u00adtionen \u00fcber Ihre +1-Aktivit\u00e4ten auf, um die Google-Dienste f\u00fcr Sie und andere zu verbessern. Um die Google +1-Schaltfl\u00e4che verwenden zu k\u00f6nnen, ben\u00f6tigen Sie ein weltweit sicht\u00adbares, \u00f6ffentliches Google-Profil, das zumin\u00addest den f\u00fcr das Profil gew\u00e4hlten Namen enthalten muss. Dieser Name wird in allen Google-Diensten verwendet. In manchen F\u00e4llen kann dieser Name auch einen anderen Namen ersetzen, den Sie beim Teilen von Inhalten \u00fcber Ihr Google-Konto verwendet haben. Die Iden\u00adtit\u00e4t Ihres Google-Profils kann Nutzern angezeigt werden, die Ihre E-Mail-Adresse kennen oder \u00fcber andere iden\u00adti\u00adfizierende Infor\u00adma\u00adtionen von Ihnen verf\u00fcgen.<br \/>\n<em>Verwen\u00addung der erfassten Infor\u00adma\u00adtionen:<\/em><br \/>\nNeben den oben erl\u00e4uterten Verwen\u00addungszwecken werden die von Ihnen bere\u00adit\u00adgestellten Infor\u00adma\u00adtionen gem\u00e4\u00df den geltenden Google-Datenschutzbestimmungen genutzt. Google ver\u00f6f\u00adfentlicht m\u00f6glicher\u00adweise zusam\u00admenge\u00adfasste Statis\u00adtiken \u00fcber die +1-Aktivit\u00e4ten der Nutzer bzw. gibt diese an Nutzer und Partner weiter, wie etwa Publisher, Inser\u00adenten oder verbun\u00addene Websites.<\/p>\n<p><strong>Verwen\u00addung von Face\u00adbook Social Plugins<\/strong><\/p>\n<p>Unser Inter\u00adne\u00adtauftritt verwendet Social Plugins (\u201cPlugins\u201d)\u00a0 des sozialen Netzw\u00aderkes\u00a0<a href=\"http:\/\/www.facebook.com\/\" target=\"_self\">facebook.com<\/a>, welches von der Face\u00adbook Inc., 1601 S. Cali\u00adfornia Ave, Palo Alto, CA 94304, USA betrieben wird (\u201cFace\u00adbook\u201d). Die Plugins sind mit einem Face\u00adbook Logo oder dem Zusatz \u201cFace\u00adbook Social Plugin\u201d gekennze\u00adichnet.<\/p>\n<p>Wenn Sie eine Webseite unseres Inter\u00adne\u00adtauftritts aufrufen, die ein solches Plugin enth\u00e4lt, baut Ihr Browser eine direkte Verbindung mit den Servern von Face\u00adbook auf. Der Inhalt des Plugins wird von Face\u00adbook direkt an Ihren Browser \u00fcbermit\u00adtelt und von diesem in die Webseite einge\u00adbunden.<\/p>\n<p>Durch die Einbindung der Plugins erh\u00e4lt Face\u00adbook die Infor\u00adma\u00adtion, dass Sie die entsprechende Seite unseres Inter\u00adne\u00adtauftritts aufgerufen haben. Sind Sie bei Face\u00adbook eingel\u00adoggt kann Face\u00adbook den Besuch Ihrem Facebook-Konto zuordnen. Wenn Sie mit den Plugins inter\u00adagieren, zum Beispiel den \u201cGef\u00e4llt mir\u201d Button bet\u00e4tigen oder einen Kommentar abgeben, wird die entsprechende Infor\u00adma\u00adtion von Ihrem Browser direkt an Face\u00adbook \u00fcbermit\u00adtelt und dort gespe\u00adichert. Wir haben keinen Einfluss auf den Umfang der Daten, die Face\u00adbook mit Hilfe dieses Plugins erhebt und informieren Sie daher entsprechend unserem <a href=\"http:\/\/www.facebook.com\/help\/?faq=17512\">Kent\u00adnis\u00adstand<\/a>.<\/p>\n<p>Zweck und Umfang der Daten\u00ader\u00adhe\u00adbung und die weitere Verar\u00adbeitung und Nutzung der Daten durch Face\u00adbook sowie Ihre dies\u00adbez\u00fcglichen Rechte und Einstel\u00adlungsm\u00f6glichkeiten zum Schutz Ihrer Privatssph\u00e4re entnehmen Sie bitte den\u00a0<a href=\"http:\/\/www.facebook.com\/policy.php\" target=\"_self\">Daten\u00adschutzhin\u00adweisen von Face\u00adbook<\/a>.<\/p>\n<p>Wenn Sie nicht m\u00f6chten, dass Face\u00adbook \u00fcber unseren Inter\u00adne\u00adtauftritt Daten \u00fcber Sie sammelt, m\u00fcssen Sie sich vor Ihrem Besuch unseres Inter\u00adne\u00adtauftritts bei Face\u00adbook ausloggen.<\/p>\n<p>Eben\u00adfalls ist es m\u00f6glich Facebook-Social-Plugins mit Add-ons f\u00fcr Ihren Browser zu blocken, zum Beispiel mit dem \u201c<a href=\"http:\/\/webgraph.com\/resources\/facebookblocker\/\">Face\u00adbook Blocker<\/a>\u201c.<\/p>\n<p><strong>Daten\u00adschutzerk\u00adl\u00e4rung f\u00fcr die Nutzung von Twitter<\/strong><\/p>\n<p>Auf diesen Seiten sind Funk\u00adtionen des Dien\u00adstes Twitter einge\u00adbunden. Diese Funk\u00adtionen werden ange\u00adboten durch die Twitter Inc., 795 Folsom St., Suite 600, San Fran\u00adcisco, CA 94107, USA. Durch das Benutzen von Twitter und der Funk\u00adtion \u201cRe-Tweet\u201d werden die von Ihnen besuchten Webseiten mit Ihrem Twitter-Account verkn\u00fcpft und anderen Nutzern bekannt gegeben. Dabei werden auch Daten an Twitter \u00fcbertragen. Ich weise darauf hin, dass ich als Anbi\u00adeter der Seiten keine Kenntnis vom Inhalt der \u00fcbermit\u00adtelten Daten sowie deren Nutzung durch Twitter erhalte. Weitere Infor\u00adma\u00adtionen hierzu finden Sie in der Daten\u00adschutzerk\u00adl\u00e4rung von Twitter unter\u00a0<a href=\"http:\/\/twitter.com\/privacy\" target=\"_blank\">http:\/\/twitter.com\/privacy<\/a>. Ihre Daten\u00adschutze\u00adin\u00adstel\u00adlungen bei Twitter k\u00f6nnen Sie in den Konto-Einstellungen unter\u00a0<a href=\"http:\/\/twitter.com\/account\/settings\" target=\"_blank\">http:\/\/twitter.com\/account\/settings<\/a>\u00a0\u00e4ndern.<\/p>\n<p>Quelle:<br \/>\n<a href=\"http:\/\/www.datenschutzbeauftragter-info.de\/\" target=\"_blank\">www.datenschutzbeauftragter-info.de<\/a><\/p>\n<p><strong>Kommentare und vergle\u00adich\u00adbare Funk\u00adtionen zur Ver\u00f6f\u00adfentlichung eigener Inhalte auf der Webseite<\/strong><\/p>\n<p>Auf der Webseite gibt es die M\u00f6glichkeit zur Publika\u00adtion eigener Inhalte wie Kommentare und \u00e4hnliches. Diese Funk\u00adtionen, insbeson\u00addere Kommen\u00adtar\u00adfunk\u00adtionen, stehen dabei unter Umst\u00e4nden allen oder allen bei bestimmten Dien\u00adsten registri\u00aderten Nutzern zur Verf\u00fc\u00adgung. Dennoch besteht kein Recht auf Ver\u00f6f\u00adfentlichung der eingeschickten Inhalte. Die Moder\u00ada\u00adtion der Inhalte liegt bei dem Webseit\u00aden\u00adbe\u00adtreiber. Inhalte k\u00f6nnen jederzeit (auch nachtr\u00e4glich) ohne Angabe von Gr\u00fcnden vom Webseit\u00aden\u00adbe\u00adtreiber entfernt oder gel\u00f6scht werden.<\/p>\n<p><strong>Haftungsauss\u00adchluss <\/strong><\/p>\n<p>Obwohl die auf den Web-Seiten enthal\u00adtenen Infor\u00adma\u00adtionen dieser Website sorgf\u00e4ltig gepr\u00fcft worden sind, kann keine Haftung f\u00fcr Richtigkeit, Voll\u00adst\u00e4ndigkeit und Aktu\u00adal\u00adit\u00e4t \u00fcbernommen werden. F\u00fcr Inter\u00adnet\u00adseiten Dritter, auf die elschy.de und elschy.com durch Hyper\u00adlinks verweist, tragen die jeweiligen Anbi\u00adeter die Verant\u00adwor\u00adtung. Die oben genan\u00adnten Websites sind f\u00fcr den Inhalt solcher Seiten Dritter nicht verant\u00adwortlich, macht sich diese Inhalte nicht zueigen und \u00fcbern\u00adimmt f\u00fcr diese kein\u00aderlei Haftung.\u00a0Externe Links sind als solche gekennze\u00adichnet, bei Bekan\u00adntwerden von Rechtsver\u00adlet\u00adzungen werden diese Links umge\u00adhend entfernt.<\/p>\n<p><strong>Rechtswirk\u00adsamkeit dieses Haftungsauss\u00adchlusses <\/strong><\/p>\n<p>Dieser Haftungsauss\u00adchluss ist als Teil des Inter\u00adne\u00adtange\u00adbotes zu betra\u00adchten, von dem aus auf diese Seite verwiesen wurde. Sofern Teile oder einzelne Formulierungen dieses Textes der geltenden Recht\u00adslage nicht, nicht mehr oder nicht voll\u00adst\u00e4ndig entsprechen sollten, bleiben die \u00fcbrigen Teile des Doku\u00admentes in ihrem Inhalt und ihrer G\u00fcltigkeit davon unber\u00fchrt.<\/p>\n<p><strong>Weitere Informationen<\/strong><\/p>\n<p>Ihr Vertrauen ist uns wichtig. Daher m\u00f6chten wir Ihnen jederzeit Rede und Antwort bez\u00fcglich der Verarbeitung Ihrer personenbezogenen Daten stehen. Wenn Sie Fragen haben, die Ihnen diese Datenschutzerkl\u00e4rung nicht beantworten konnte oder wenn Sie zu einem Punkt vertiefte Informationen w\u00fcnschen, wenden Sie sich bitte jederzeit an den Betreiber dieser Webseite (siehe Kontaktangaben oben).<\/p>\n","protected":false},"excerpt":{"rendered":"<p>Anbieter: Uwe Treffer Am Schafgarten 11 07646 Schl\u00f6ben Inhaltlich Verantwortlicher gem\u00e4\u00df \u00a7 55 Absatz 2 RStV: Uwe Treffer (Anschrift wie oben) Bild\u00adnach\u00adweise Die Rechte f\u00fcr alle nicht se\u00adpa\u00adrat ge\u00adkenn\u00adzeich\u00adne\u00adten Bil\u00adder auf die\u00adser Web\u00adsite lie\u00adgen bei mir. Die Karikaturen wurden mit &hellip; <a href=\"https:\/\/www.cape2cape.cc\/?page_id=23\">Weiterlesen <span class=\"meta-nav\">&rarr;<\/span><\/a><\/p>\n","protected":false},"author":1,"featured_media":1306,"parent":0,"menu_order":5,"comment_status":"closed","ping_status":"closed","template":"full-width-page.php","meta":{"om_disable_all_campaigns":false,"_monsterinsights_skip_tracking":false,"_monsterinsights_sitenote_active":false,"_monsterinsights_sitenote_note":"","_monsterinsights_sitenote_category":0,"footnotes":""},"class_list":["post-23","page","type-page","status-publish","has-post-thumbnail","hentry"],"aioseo_notices":[],"_links":{"self":[{"href":"https:\/\/www.cape2cape.cc\/index.php?rest_route=\/wp\/v2\/pages\/23","targetHints":{"allow":["GET"]}}],"collection":[{"href":"https:\/\/www.cape2cape.cc\/index.php?rest_route=\/wp\/v2\/pages"}],"about":[{"href":"https:\/\/www.cape2cape.cc\/index.php?rest_route=\/wp\/v2\/types\/page"}],"author":[{"embeddable":true,"href":"https:\/\/www.cape2cape.cc\/index.php?rest_route=\/wp\/v2\/users\/1"}],"replies":[{"embeddable":true,"href":"https:\/\/www.cape2cape.cc\/index.php?rest_route=%2Fwp%2Fv2%2Fcomments&post=23"}],"version-history":[{"count":27,"href":"https:\/\/www.cape2cape.cc\/index.php?rest_route=\/wp\/v2\/pages\/23\/revisions"}],"predecessor-version":[{"id":92,"href":"https:\/\/www.cape2cape.cc\/index.php?rest_route=\/wp\/v2\/pages\/23\/revisions\/92"}],"wp:featuredmedia":[{"embeddable":true,"href":"https:\/\/www.cape2cape.cc\/index.php?rest_route=\/wp\/v2\/media\/1306"}],"wp:attachment":[{"href":"https:\/\/www.cape2cape.cc\/index.php?rest_route=%2Fwp%2Fv2%2Fmedia&parent=23"}],"curies":[{"name":"wp","href":"https:\/\/api.w.org\/{rel}","templated":true}]}}